{"id":268706,"date":"2023-12-11T08:01:57","date_gmt":"2023-12-11T07:01:57","guid":{"rendered":"https:\/\/www.regiebulle.ch\/datenschutzbestimmungen\/"},"modified":"2026-01-13T23:07:50","modified_gmt":"2026-01-13T22:07:50","slug":"datenschutzbestimmungen","status":"publish","type":"page","link":"https:\/\/www.regiebulle.ch\/de\/datenschutzbestimmungen\/","title":{"rendered":"Datenschutzbestimmungen"},"content":{"rendered":"\t\t<div data-elementor-type=\"wp-page\" data-elementor-id=\"268706\" class=\"elementor elementor-268706 elementor-20412\" data-elementor-post-type=\"page\">\n\t\t\t\t<div class=\"elementor-element elementor-element-ae0c01c e-flex e-con-boxed e-con e-parent\" data-id=\"ae0c01c\" data-element_type=\"container\" data-e-type=\"container\" data-settings=\"{&quot;jet_parallax_layout_list&quot;:[]}\">\n\t\t\t\t\t<div class=\"e-con-inner\">\n\t\t\t\t<div class=\"elementor-element elementor-element-4920170 elementor-invisible elementor-widget elementor-widget-heading\" data-id=\"4920170\" data-element_type=\"widget\" data-e-type=\"widget\" data-settings=\"{&quot;_animation&quot;:&quot;fadeIn&quot;,&quot;_animation_delay&quot;:100}\" data-widget_type=\"heading.default\">\n\t\t\t\t<div class=\"elementor-widget-container\">\n\t\t\t\t\t<h2 class=\"elementor-heading-title elementor-size-default\">Datenschutz-Bestimmungen<\/h2>\t\t\t\t<\/div>\n\t\t\t\t<\/div>\n\t\t\t\t\t<\/div>\n\t\t\t\t<\/div>\n\t\t\t\t<section class=\"elementor-section elementor-top-section elementor-element elementor-element-055373d elementor-section-boxed elementor-section-height-default elementor-section-height-default\" data-id=\"055373d\" data-element_type=\"section\" data-e-type=\"section\" data-settings=\"{&quot;jet_parallax_layout_list&quot;:[]}\">\n\t\t\t\t\t\t<div class=\"elementor-container elementor-column-gap-default\">\n\t\t\t\t\t<div class=\"elementor-column elementor-col-100 elementor-top-column elementor-element elementor-element-27873e2\" data-id=\"27873e2\" data-element_type=\"column\" data-e-type=\"column\">\n\t\t\t<div class=\"elementor-widget-wrap elementor-element-populated\">\n\t\t\t\t\t\t<div class=\"elementor-element elementor-element-9531536 elementor-widget elementor-widget-text-editor\" data-id=\"9531536\" data-element_type=\"widget\" data-e-type=\"widget\" data-widget_type=\"text-editor.default\">\n\t\t\t\t<div class=\"elementor-widget-container\">\n\t\t\t\t\t\t\t\t\t<p><span style=\"color: var( --e-global-color-text ); font-family: var( --e-global-typography-text-font-family ), Sans-serif; font-weight: var( --e-global-typography-text-font-weight ); letter-spacing: 0.05pt;\">D<\/span><span style=\"color: var( --e-global-color-text ); font-family: var( --e-global-typography-text-font-family ), Sans-serif; font-weight: var( --e-global-typography-text-font-weight );\">ate<\/span><span style=\"color: var( --e-global-color-text ); font-family: var( --e-global-typography-text-font-family ), Sans-serif; font-weight: var( --e-global-typography-text-font-weight ); letter-spacing: -0.05pt;\">&nbsp;<\/span><span style=\"color: var( --e-global-color-text ); font-family: var( --e-global-typography-text-font-family ), Sans-serif; font-weight: var( --e-global-typography-text-font-weight );\">der<\/span><span style=\"color: var( --e-global-color-text ); font-family: var( --e-global-typography-text-font-family ), Sans-serif; font-weight: var( --e-global-typography-text-font-weight ); letter-spacing: 0.05pt;\">&nbsp;<\/span><span style=\"color: var( --e-global-color-text ); font-family: var( --e-global-typography-text-font-family ), Sans-serif; font-weight: var( --e-global-typography-text-font-weight ); letter-spacing: -0.05pt;\">pub<\/span><span style=\"color: var( --e-global-color-text ); font-family: var( --e-global-typography-text-font-family ), Sans-serif; font-weight: var( --e-global-typography-text-font-weight );\">licat<\/span><span style=\"color: var( --e-global-color-text ); font-family: var( --e-global-typography-text-font-family ), Sans-serif; font-weight: var( --e-global-typography-text-font-weight ); letter-spacing: -0.1pt;\">i<\/span><span style=\"color: var( --e-global-color-text ); font-family: var( --e-global-typography-text-font-family ), Sans-serif; font-weight: var( --e-global-typography-text-font-weight ); letter-spacing: 0.05pt;\">o<\/span><span style=\"color: var( --e-global-color-text ); font-family: var( --e-global-typography-text-font-family ), Sans-serif; font-weight: var( --e-global-typography-text-font-weight );\">n<\/span><span style=\"color: var( --e-global-color-text ); font-family: var( --e-global-typography-text-font-family ), Sans-serif; font-weight: var( --e-global-typography-text-font-weight ); letter-spacing: -0.05pt;\">&nbsp;<\/span><span style=\"color: var( --e-global-color-text ); font-family: var( --e-global-typography-text-font-family ), Sans-serif; font-weight: var( --e-global-typography-text-font-weight );\">:<\/span><span style=\"color: var( --e-global-color-text ); font-family: var( --e-global-typography-text-font-family ), Sans-serif; font-weight: var( --e-global-typography-text-font-weight ); letter-spacing: -0.05pt;\">&nbsp;<\/span><span style=\"color: #d40030;\"><span style=\"font-family: var( --e-global-typography-text-font-family ), Sans-serif; font-weight: var( --e-global-typography-text-font-weight );\">[16.08.2023<\/span><span style=\"font-family: var( --e-global-typography-text-font-family ), Sans-serif; font-weight: var( --e-global-typography-text-font-weight ); letter-spacing: -2.45pt;\">&nbsp;<\/span><span style=\"font-family: var( --e-global-typography-text-font-family ), Sans-serif; font-weight: var( --e-global-typography-text-font-weight );\">]<\/span><\/span><\/p>\t\t\t\t\t\t\t\t<\/div>\n\t\t\t\t<\/div>\n\t\t\t\t<div class=\"elementor-element elementor-element-60e173a elementor-widget elementor-widget-text-editor\" data-id=\"60e173a\" data-element_type=\"widget\" data-e-type=\"widget\" data-widget_type=\"text-editor.default\">\n\t\t\t\t<div class=\"elementor-widget-container\">\n\t\t\t\t\t\t\t\t\t<h2><span style=\"font-size: 18pt; color: #000000;\">1. Worum geht es?<\/span><\/h2>\n<p>Wir sind uns unserer Verantwortung bewusst, wenn wir Ihre pers\u00f6nlichen Daten verarbeiten. Wir sch\u00fctzen alle Ihre pers\u00f6nlichen Daten und verarbeiten sie nur zu dem Zweck, f\u00fcr den Sie sie uns anvertraut haben. <\/p>\n<p>Diese Datenschutzrichtlinie (nachfolgend: die &#8220; <strong>Richtlinie<\/strong> &#8222;) informiert Sie dar\u00fcber, wie <strong>R\u00e9gie<\/strong> Bulle Immobilier (nachfolgend: die &#8220; <strong>Regie<\/strong> &#8220; oder &#8220; <strong>Wir<\/strong> &#8222;) mit den pers\u00f6nlichen Daten umgeht, die wir von Ihnen sammeln, die Sie uns zur Verf\u00fcgung stellen oder die wir aus anderen Quellen sammeln k\u00f6nnen. Dies umfasst die verschiedenen Arten, wie Sie mit uns interagieren, einschlie\u00dflich pers\u00f6nlich, per E-Mail oder Telefon oder \u00fcber die Anwendung R\u00e9gie Bulle Immobilier SA oder die Website www.regiebulle.ch und die Anbieterplattform www.immomig.ch. <\/p>\n<p>\u00ab <strong>Pers\u00f6nliche Daten <\/strong>\u00bb bedeutet alle Informationen, die sich auf eine identifizierte oder identifizierbare nat\u00fcrliche Person beziehen.<\/p>\n<p>Bitte lesen Sie die folgenden Punkte sorgf\u00e4ltig durch um zu verstehen, wie wir Ihre pers\u00f6nlichen Daten verarbeiten werden.<\/p>\n<p><br><\/p>\n<h2><span style=\"font-size: 18pt;\">2.&nbsp;Wer ist f\u00fcr die Verarbeitung Ihrer pers\u00f6nlichen Daten verantwortlich ?<\/span><\/h2>\n<p>Der Regiebetrieb ist der Verantwortliche f\u00fcr die Verarbeitung der personenbezogenen Daten, die unter diese Richtlinie fallen. Sie hat ihren Sitz in Freiburg in der Schweiz und kann per E-Mail unter direction@regiebulle.ch oder telefonisch unter 026 563 63 63 kontaktiert werden. <\/p>\n<p>Die Verwaltung kann ihren Kunden, Besuchern und allen interessierten Personen (im Folgenden: \u00ab <strong>Nutzer <\/strong>\u00bb) den Kauf, den Verkauf, die Verwaltung, die Administration, die Sch\u00e4tzung, die Aufwertung, die Entwicklung und Vermietung von Immobilien, den Abschluss von Versicherungen, die Durchf\u00fchrung von Arbeiten, Beratungsleistungen und die Herstellung von Kontakten in diesen verschiedenen F\u00e4llen sowie den Zugang zu ihrer Website anbieten (im Folgenden \u00ab <strong>Dienstleistungen <\/strong>\u00bb).<\/p>\n<p>Wir hoffen, dass wir Ihnen alle Fragen beantworten k\u00f6nnen, die Sie bez\u00fcglich der Art und Weise haben, wie wir Ihre pers\u00f6nlichen Daten verarbeiten. Sollten Sie diesbez\u00fcglich Bedenken haben, kontaktieren Sie uns bitte per Post oder E-Mail unter der Adresse &nbsp;<a href=\"mailto:direction@regiebulle.ch\">direction@regiebulle.ch<\/a>.<\/p><p><br><\/p>\n<h2><span style=\"font-size: 18pt;\">3. Welche pers\u00f6nlichen Daten sammeln wir ?<\/span><\/h2>\n<h4>3.1 Allgemein<\/h4>\n<p>Nachstehend finden Sie die verschiedenen Kategorien der von uns verarbeiteten pers\u00f6nlichen Daten, gem\u00e4ss der Art der Dienstleistungen, welche wir f\u00fcr Sie erbringen.<\/p><p><br><\/p>\n<h4>3.2 Wenn Sie uns kontaktieren<\/h4>\n<p>Wenn Sie uns kontaktieren oder mit uns kommunizieren (z.B. durch Ihre E-Mails, Briefe, Anrufe oder pers\u00f6nlich in unserer Verwaltung), k\u00f6nnen wir die pers\u00f6nlichen Daten, die Sie mit uns austauschen, sammeln. Diese pers\u00f6nlichen Daten umfassen Ihren vollst\u00e4ndigen Namen, den Gegenstand Ihrer Anfrage, die Immobilie, um die es geht, Ihre Post- und E-Mail-Adresse und Ihre Telefonnummer(n). <\/p>\n<p>Diese pers\u00f6nlichen Daten werden erhoben, um die Dienstleistungen zu erm\u00f6glichen und deren Verarbeitung ist durch den abgeschlossenen oder abzuschliessenden Vertrag gerechtfertigt.<\/p><p><br><\/p>\n<h4>3.3 Wenn Sie auf unserer Website surfen<\/h4>\n<p>Bei der Ben\u00fctzung der Website k\u00f6nnen wir folgende pers\u00f6nlichen Daten erheben :<\/p>\n<p><\/p>\n<ul>\n<li>Ihr vollst\u00e4ndiger Name, Post- und E-Mail-Adresse, der Name Ihrer Firma und Ihre Telefonnummern;<\/li>\n<li>die Informationen betreffend die Ben\u00fctzung unserer Website, einschliesslich s\u00e4mtlicher Informationen, die Sie mit uns teilen oder auf unserer Website eingeben;<\/li>\n<li>technische Daten, einschliesslich der IP-Adresse (Internet Protocol), welche f\u00fcr die Verbindung Ihres Computers mit dem Internet verwendet wird, den Typ des von Ihnen verwendeten Mobilger\u00e4ts, eine eindeutige Ger\u00e4teerkennung (z.B. IMEI-Nummer Ihres Telefons, die MAC-Adresse der Netzwerkschnittstelle oder die Nummer des vom Ger\u00e4t verwendeten Mobiltelefons) sowie Ihre Standort- und Navigationsdaten.<\/li>\n<\/ul>\n<p><span style=\"letter-spacing: 0px; word-spacing: 0em;\">Diese pers\u00f6nlichen Daten werden insbesondere durch Cookies und \u00e4hnliche Technologien gesammelt, deren Verwendung in Artikel 6 dieser Bestimmungen geregelt ist.&nbsp;<\/span><\/p>\n<p><span style=\"letter-spacing: 0px; word-spacing: 0em;\">&nbsp;<\/span><\/p>\n<p><span style=\"letter-spacing: 0px; word-spacing: 0em;\">Der Zweck dieser Datenerhebung ist es, Ihnen die beste Erfahrung auf unserer Website zu bieten und Ihre Pr\u00e4ferenzen f\u00fcr Angebote in Verbindung mit den von uns angebotenen Dienstleistungen zu verfolgen. Andere personenbezogene Daten werden auf der Grundlage Ihrer Zustimmung verarbeitet. <\/span><\/p><p><span style=\"letter-spacing: 0px; word-spacing: 0em;\"><br><\/span><\/p>\n<h4>3.4 Wenn Sie ein soziales Netzwerk nutzen<\/h4>\n<p>Wenn Sie einem sozialen Netzwerk Dritter (wie Instagram, Facebook, Twitter, YouTube, Linkedin, Pinterest, usw.) gestatten, pers\u00f6nliche Daten mit uns zu teilen, k\u00f6nnen wir alle pers\u00f6nlichen Daten erhalten, die Sie \u00f6ffentlich in den sozialen Netzwerken teilen, die Teil Ihres Profils sind oder die Sie dem sozialen Netzwerk gestatten, zu teilen (z.B. Ihren Namen, Ihre E-Mail-Adresse, Ihr Geschlecht, Ihr Profilbild, Ihre Freundes- oder Kontaktliste, Ihre eindeutige Identifizierung, Ihre Vorlieben, usw.).<\/p>\n<p>Die Regie wird auch pers\u00f6nliche Daten \u00fcber Ihr Profil erhalten, wenn Sie eine Funktion eines sozialen Netzwerks nutzen, die in die Website integriert ist, oder wenn Sie mit uns \u00fcber ein soziales Netzwerk interagieren oder unsere Seiten in einem sozialen Netzwerk besuchen. Sie m\u00fcssen sich jederzeit \u00fcber die Nutzungsbedingungen und die Datenschutzrichtlinie des sozialen Netzwerks informieren, die in dessen alleiniger Verantwortung liegen. <\/p>\n<p>Diese pers\u00f6nlichen Daten werden gesammelt, um Ihre Erfahrung zu personalisieren und zu verbessern und um Sie \u00fcber Angebote und Neuigkeiten zu informieren, die f\u00fcr Sie von Interesse sein k\u00f6nnten. Sie werden auf der Grundlage Ihrer Zustimmung verarbeitet. <\/p><p><br><\/p>\n<h4>3.5 Wenn Sie ein Mietobjekt suchen<\/h4>\n<p>Wenn Sie auf der Suche nach einem Mietobjekt sind und insbesondere, wenn Sie uns ein Mietgesuch zustellen oder nach der Unterzeichnung eines Mietvertrags, k\u00f6nnen wir die folgenden pers\u00f6nlichen Daten sammeln:<\/p>\n<ul>\n<li><span style=\"color: var( --e-global-color-text ); font-family: var( --e-global-typography-text-font-family ), Sans-serif; font-weight: var( --e-global-typography-text-font-weight );\">Ihre Angaben zur Identifikation (vollst\u00e4ndiger Name, Name Ihres Unternehmens, Identit\u00e4tskarte, Pass, Aufenthaltsbewilligung, Geburtsort und \u2013datum, Wohnsitz- oder Niederlassungsbest\u00e4tigung, Legitimationskarte);<\/span><\/li>\n<li>Ihre Kontaktdaten (Post- und E-Mail-Adresse, Telefonnummern);<\/li>\n<li>Ihre famili\u00e4re und pers\u00f6nliche Situation (Familienstand, Anzahl der Kinder, Bestehen einer Beistandschaft, Anzahl und Art der Fahrzeuge, Anzahl und Art der Haustiere, Name Ihrer Hausratversicherung, Ihre aktuelle Verwaltung, Ihr aktueller Mietzins sowie der Grund f\u00fcr Ihren Umzug);<\/li>\n<li>Ihre finanzielle Situation (Ihren Beruf, Ihr monatliches Nettoeinkommen, Ihre drei letzten Lohnabrechnungen, Ihren offiziellen Auszug des Betreibungsamtes);<\/li>\n<li>Ihre Bank- oder Postverbindung;<\/li>\n<li>alle weiteren Informationen, die auf dem Formular angegeben sind oder spontan mitgeteilt werden.<\/li>\n<\/ul>\n<p>Diese pers\u00f6nlichen Daten werden erhoben, um Sie zu identifizieren, mit Ihnen zu kommunizieren, Ihren Mietvertrag zu verwalten, Ihr Aufenthaltsrecht in der Schweiz sicherzustellen, Ihre Kreditw\u00fcrdigkeit zu gew\u00e4hrleisten, sicherzustellen, dass das Mietobjekt Ihren Bed\u00fcrfnissen entspricht und um Ihnen das richtige Objekt anzubieten. Sie werden auf der Grundlage des abgeschlossenen oder abzuschlie\u00dfenden Vertrages verarbeitet. <\/p><p><br><\/p>\n<h4>3.6 Wenn Sie uns die Betreuung Ihrer Immobilien anvertrauen<\/h4>\n<p>Wenn Sie uns mit der Verwaltung, Sch\u00e4tzung oder Aufwertung Ihrer Immobilie oder der Entwicklung eines Immobilienprojekts beauftragen, k\u00f6nnen wir folgende pers\u00f6nlichen Daten erheben:<\/p>\n<ul>\n<li>Ihre Angaben zur Identifikation (vollst\u00e4ndiger Name, Name Ihres Unternehmens, Identit\u00e4tskarte, Pass, Aufenthaltsbewilligung, Geburtsort und \u2013datum, Wohnsitz- oder Niederlassungsbest\u00e4tigung, Legitimationskarte);<\/li>\n<li>Ihre Kontaktdaten (Post- und E-Mail-Adresse, Telefonnummern);<\/li>\n<li>Ihre Bank- oder Postverbindung;<\/li>\n<li>Ihre famili\u00e4re und pers\u00f6nliche Situation (insbesondere Familienstand);<\/li>\n<li>Informationen \u00fcber die Liegenschaft (Objektkategorie, STOWEG-Reglement, technische Daten der Liegenschaft, Buchhaltung, Protokolle der Generalversammlungen der letzten 3 Jahre).<\/li>\n<\/ul>\n<p>Diese pers\u00f6nlichen Daten werden zu dem Zweck gesammelt, Sie zu identifizieren, mit Ihnen zu kommunizieren und Ihre Immobilie zu verwalten. Sie werden auf der Grundlage des abgeschlossenen oder abzuschlie\u00dfenden Vertrags verarbeitet. <\/p><p><br><\/p>\n<h4>3.7 Wenn Sie uns ein Verkaufsmandat anvertrauen<\/h4>\n<p>Wenn Sie uns kontaktieren, um uns ein Verkaufsmandat zu erteilen, k\u00f6nnen wir folgende pers\u00f6nlichen Daten erheben:<\/p>\n<ul>\n<li>Ihre Angaben zur Identifikation (vollst\u00e4ndiger Name, Name Ihres Unternehmens, Telefonnummer, Geburtsdatum, Familienbuch);<\/li>\n<li>Ihre famili\u00e4re und pers\u00f6nliche Situation (Familien- und G\u00fcterstand);<\/li>\n<li>Informationen \u00fcber die Immobilie, die verkauft werden soll (Verkaufspreis, Akonto, Hypothekarkreditgeber, Darlehensbetrag, Schuldbriefe, Dienstbarkeiten, Verkaufsanzeige, STOWEG-Reglement, technische Daten der Immobilie, Protokolle der Generalversammlungen der letzten 3 Jahre).<\/li>\n<\/ul>\n<p>Diese pers\u00f6nlichen Daten werden gesammelt, um Sie zu identifizieren, mit Ihnen zu kommunizieren und Ihnen K\u00e4ufer vorzuschlagen, die an Ihrer Immobilie interessiert sind. Sie werden auf der Grundlage des abgeschlossenen oder abzuschlie\u00dfenden Vertrags verarbeitet. <\/p><p><br><\/p>\n<h4>3.8 Wenn Sie uns f\u00fcr den Kauf einer Immobilie kontaktieren<\/h4>\n<p>Wenn Sie uns kontaktieren, um eine Immobilie zu kaufen, k\u00f6nnen wir folgende pers\u00f6nlichen Daten erheben:<\/p>\n<ul>\n<li>Ihre Angaben zur Identifikation (vollst\u00e4ndiger Name, Name Ihres Unternehmens, Herkunft, Geburtsdatum, Familienbuch);<\/li>\n<li>Ihre famili\u00e4re und pers\u00f6nliche Situation (Familien- und G\u00fcterstand);<\/li>\n<li>Informationen \u00fcber die Immobilie, die gekauft wird (Preiskategorie, Ort der gesuchten Immobilie, Kaufkriterien, usw.).<\/li>\n<\/ul>\n<p>Diese pers\u00f6nlichen Daten werden gesammelt, um Sie zu identifizieren und Ihnen eine Immobilie anzubieten, die Ihren Erwartungen entspricht. Sie werden auf der Grundlage des abgeschlossenen oder noch abzuschlie\u00dfenden Vertrags verarbeitet. <\/p><p><br><\/p>\n<h3><span style=\"font-size: 14pt;\">3.9 Wenn Sie uns kontaktieren um Arbeiten durchzuf\u00fchren<\/span><\/h3>\n<p>Wenn Sie uns kontaktieren, um Arbeiten durchzuf\u00fchren, k\u00f6nnen wir folgende pers\u00f6nliche Daten erheben:<\/p>\n<ul>\n<li>Ihre Angaben zur Identifikation (vollst\u00e4ndiger Name, Name Ihres Unternehmens, Identit\u00e4tskarte, Pass, Aufenthaltsbewilligung, Geburtsort und \u2013datum, Wohnsitz- oder Niederlassungsbest\u00e4tigung, Legitimationskarte);<\/li>\n<li>Ihre Kontaktdaten (Post- und E-Mail-Adresse, Telefonnummern);<\/li>\n<li>Ihre Bank- oder Postverbindung;<\/li>\n<li>Ihre famili\u00e4re und pers\u00f6nliche Situation (insbesondere Familienstand);<\/li>\n<li>Informationen \u00fcber die Liegenschaft (Objektkategorie, STOWEG-Reglement, technische Daten der Liegenschaft, Buchhaltung, Protokolle der Generalversammlungen der letzten 3 Jahre).<\/li>\n<\/ul>\n<p>Diese pers\u00f6nlichen Daten werden gesammelt, um Sie zu identifizieren, mit Ihnen zu kommunizieren und Ihnen Arbeiten anzubieten, die Ihren Erwartungen entsprechen. Sie werden auf der Grundlage des abgeschlossenen oder abzuschlie\u00dfenden Vertrags verarbeitet. <\/p><p><br><\/p>\n<h4>3.10 Wenn Sie uns kontaktieren um eine Versicherung abzuschliessen<\/h4>\n<p>Wenn Sie uns kontaktieren, um eine Versicherung abzuschliessen, k\u00f6nnen wir folgende pers\u00f6nlichen Daten erheben:<\/p>\n<ul>\n<li>Ihre Angaben zur Identifikation (vollst\u00e4ndiger Name, Name Ihres Unternehmens, Identit\u00e4tskarte, Pass, Aufenthaltsbewilligung, Geburtsort und \u2013datum, Wohnsitz- oder Niederlassungsbest\u00e4tigung, Legitimationskarte);<\/li>\n<li>Ihre Kontaktdaten (Post- und E-Mail-Adresse, Telefonnummern);<\/li>\n<li>Ihre Bank- oder Postverbindung;<\/li>\n<li>Ihre famili\u00e4re und pers\u00f6nliche Situation (insbesondere Familienstand);<\/li>\n<li>Angaben zum Versicherungsantrag wie z.B. versicherte Risiken, Versicherungsmodelle und \u2013deckung, Vertragslaufzeit;<\/li>\n<li>f\u00fcr die Hypothekenfinanzierung: Ihre finanzielle Situation (Einkommen, finanzielle Leistungsf\u00e4higkeit, Eigenkapital, Schulden, usw);<\/li>\n<li>f\u00fcr die Geb\u00e4udeversicherung: Informationen \u00fcber die Immobilie (Objektkategorie, Kaufpreis, Baujahr, Fl\u00e4che, Pl\u00e4ne, STOWEG-Reglement, usw.);<\/li>\n<\/ul>\n<p>Diese pers\u00f6nlichen Daten werden zu dem Zweck gesammelt, Sie zu identifizieren, mit Ihnen zu kommunizieren und Ihre Immobilie zu verwalten. Sie werden auf der Grundlage des abgeschlossenen oder abzuschlie\u00dfenden Vertrags verarbeitet. <\/p><p><br><\/p>\n<h4>3.11 Wenn unsere berechtigten Interessen \u00fcberwiegen<\/h4>\n<p>Ihre pers\u00f6nlichen Daten k\u00f6nnen auch verwendet werden, um unsere berechtigten Interessen zu verfolgen, wozu die Aufdeckung von Betrug, das Eintreiben von Forderungen sowie die Untersuchung von Beschwerden, die wir von Ihnen oder Dritten erhalten k\u00f6nnten, geh\u00f6ren.<\/p><p><br><\/p>\n<h4>3.12 Wenn wir aufgrund unserer gesetzlichen oder regulatorischen Pflichten dazu verpflichtet sind<\/h4>\n<p>Wir verwenden Ihre pers\u00f6nlichen Daten auch, um unseren gesetzlichen und regulatorischen Pflichten nachzukommen, z. B. zur Aufbewahrung von Buchhaltungsunterlagen oder zur Beantwortung von Anfragen von Beh\u00f6rden.<\/p><p><br><\/p>\n<h4>3.13 Rechtfertigung der Datenverarbeitung<\/h4>\n<p>Falls die Datenschutz-Grundverordnung (DSGVO) Anwendung findet, ist die Datenverarbeitung durch einen abgeschlossen oder abzuschliessenden Vertrag gerechtfertigt, wenn Sie mit uns kontaktieren (3.2), wenn Sie ein Mietobjekt suchen (3.5), wenn Sie uns die Betreuung Ihrer Immobilie anvertrauen (3.6), wenn Sie uns ein Verkaufsmandat anvertrauen (3.7), wenn Sie uns f\u00fcr den Kauf einer Immobilie kontaktieren (3.8), wenn Sie uns kontaktieren um Arbeiten auszuf\u00fchren (3.9) oder wenn Sie uns kontaktieren um eine Versicherung abzuschliessen (3.10).<\/p>\n<p>Wenn Sie auf unserer Website surfen (3.3) ist die Datenverarbeitung durch Ihre Zustimmung gerechtfertigt, mit Ausnahme der technischen Daten, welche durch unser berechtigtes Interesse gerechtfertigt sind, Ihnen das beste Erlebnis auf unserer Website zu bieten und Ihre Pr\u00e4ferenzen f\u00fcr Angebote im Zusammenhang mit den von uns angebotenen Dienstleistungen zu eruieren.<\/p>\n<p>Ihre Einwilligung rechtfertigt auch die Rechtsgrundlage f\u00fcr die Datenverarbeitung im Zusammenhang mit der Nutzung eines sozialen Netzwerks (3.4).<\/p>\n<p>Die Weitergabe von Daten an Dritte (5.2) ist durch unsere gesetzlichen Verpflichtungen oder in besonderen F\u00e4llen durch unser berechtigtes Interesse an der Verteidigung unserer Rechte oder die lebenswichtigen Interessen einer Person gerechtfertigt. Dies ist auch der Fall, wenn unsere berechtigten Interessen \u00fcberwiegen (3.11) oder wenn wir aufgrund gesetzlicher oder regulatorischer Verpflichtungen dazu verpflichtet sind (3.12). <\/p><p><br><\/p>\n<h3>4. Wie lange speichern wir Ihre pers\u00f6nlichen Daten?<\/h3>\n<p>Wir werden Ihre pers\u00f6nlichen Daten so lange aufbewahren, bis sie nicht mehr notwendig sind, um unsere Dienstleistungen zu erbringen oder die in dieser Richtlinie festgelegten Zwecke zu erf\u00fcllen, es sei denn, wir sind gesetzlich verpflichtet, sie l\u00e4nger aufzubewahren. Dies ist eine Einzelfallentscheidung, die von Aspekten wie der Art der Pers\u00f6nlichen Daten, dem Grund f\u00fcr ihre Erhebung und Verarbeitung und den jeweiligen gesetzlichen oder betrieblichen Aufbewahrungsanforderungen abh\u00e4ngt. <\/p>\n<p>Unter bestimmten Umst\u00e4nden k\u00f6nnen wir Ihre pers\u00f6nlichen Daten anonymisieren, damit sie nicht mehr mit Ihnen in Verbindung gebracht werden k\u00f6nnen; in diesem Fall k\u00f6nnen wir diese Informationen ohne weitere Benachrichtigung verwenden.<\/p><p><br><\/p>\n<h3>5. Mit wem teilen wir Ihre pers\u00f6nlichen Daten ?<\/h3>\n<h4>5.1 Mit unseren Subunternehmern<\/h4>\n<p>Wir k\u00f6nnen Ihre pers\u00f6nlichen Daten an Personen und Unternehmen weitergeben, die uns als Subunternehmer Dienstleistungen erbringen, darunter Anbieter von Marketinganalysediensten, Werbediensten, Hostingdiensten, Wartungsdiensten, Call-Center-Diensten und Unternehmen, die im Rahmen der Ausf\u00fchrung von Arbeiten beauftragt werden.<\/p>\n<p>Unsere Subunternehmer sind zur Vertraulichkeit verpflichtet und d\u00fcrfen Ihre pers\u00f6nlichen Daten nur in \u00dcbereinstimmung mit unseren Anweisungen und dieser Richtlinie verwenden.<\/p><p><br><\/p>\n<h4>5.2 Mit Dritten<\/h4>\n<p>Ihre personenbezogenen Daten k\u00f6nnen je nach den angeforderten Dienstleistungen auch an Dritte weitergegeben werden.<br> Dazu geh\u00f6ren insbesondere: <\/p>\n<ul>\n<li>&nbsp;wenn Sie eine Immobilie kaufen m\u00f6chten: die Eigent\u00fcmer;<\/li>\n<li>wenn Sie eine Immobilie mieten m\u00f6chten: die Eigent\u00fcmer, die Firma Flatfox<\/li>\n<li>wenn Sie uns die Verwaltung einer Immobilie anvertrauen: die Anbieter von Energie\u00fcberwachung<\/li>\n<li>wenn Sie eine Versicherung abschliessen m\u00f6chten: die Versicherungsgesellschaften<\/li>\n<li>wenn Sie eine Hypothek beantragen m\u00f6chten: die Banken und Versicherungsgesellschaften<\/li>\n<\/ul>\n<p>Im Weiteren k\u00f6nnen Ihre pers\u00f6nlichen Daten an Regierungs-, Justiz- oder Verwaltungsbeh\u00f6rden weitergegen werden.<\/p><p><br><\/p>\n<h3>6. Welche Art von Cookies verwenden wir ?<\/h3>\n<h4>6.1 Unsere Cookies<\/h4>\n<p>Die Arten von Cookies (einschlie\u00dflich derer unserer Subunternehmer), die wir m\u00f6glicherweise auf unserer Website verwenden, und die Zwecke, f\u00fcr die sie verwendet werden, sind unten aufgef\u00fchrt:<\/p>\n<p><\/p>\n<p>Kategorie 1: Unbedingt notwendige Cookies<\/p>\n<p><\/p>\n<p>Diese Cookies sind wichtig, damit Sie sich auf unserer Website bewegen und ihre Funktionen nutzen k\u00f6nnen. Ohne diese Cookies k\u00f6nnten einige Elemente unserer Website f\u00fcr Sie blockiert sein und\/oder nicht richtig funktionieren. <\/p>\n<p><\/p>\n<p>Wir verwenden diese Cookies, um Ihnen den Zugang zu den Dienstleistungen zu erm\u00f6glichen, die wir auf unserer Website anbieten. Die durch diese Cookies erfassten personenbezogenen Daten werden auf der Grundlage unseres berechtigten Interesses am ordnungsgem\u00e4\u00dfen Betrieb unserer Website verarbeitet. <\/p>\n<p><\/p>\n<p>Kategorie 2: Leistungs-Cookies<\/p>\n<p><\/p>\n<p>Diese Cookies sammeln Informationen dar\u00fcber, wie Sie oder andere Nutzer auf unserer Website surfen, z. B. welche Seiten Sie am h\u00e4ufigsten aufrufen und ob Sie Fehlermeldungen von Webseiten erhalten.<\/p>\n<p><\/p>\n<p>Wir k\u00f6nnen diese Cookies verwenden, um die Effizienz und Benutzerfreundlichkeit unserer Website zu erhalten und um zu erfahren, wie sie genutzt wird. In den meisten F\u00e4llen sammeln diese Cookies keine Informationen, die den Nutzer identifizieren. <\/p>\n<p><\/p>\n<p>Sollten pers\u00f6nliche Daten durch diese Cookies erfasst werden, verarbeiten wir sie auf der Grundlage unseres berechtigten Interesses, die Nutzung unserer Website zu kennen und zu optimieren.<\/p>\n<p><\/p>\n<p>Kategorie 3: Funktions-Cookies<\/p>\n<p><\/p>\n<p>Diese Cookies erm\u00f6glichen es unserer Website, die von Ihnen getroffenen Entscheidungen zu speichern (z. B. Ihren Benutzernamen, Ihre Sprache oder Ihren Standort) und k\u00f6nnen auch verwendet werden, um die von Ihnen angeforderten Dienstleistungen zu erbringen.<\/p>\n<p><\/p>\n<p>Wir k\u00f6nnen diese Cookies verwenden, um die Effizienz und Benutzerfreundlichkeit unserer Website zu erhalten und Ihnen ein reibungsloses Surferlebnis zu bieten.<\/p>\n<p><\/p>\n<p>Die von diesen Cookies erfassten pers\u00f6nlichen Daten werden auf der Grundlage unseres berechtigten Interesses verarbeitet, Ihnen eine nutzerfreundliche Website zu bieten.<\/p>\n<p><\/p>\n<p>Kategorie 4: Zielgruppen- und Werbe-Cookies<\/p>\n<p><\/p>\n<p>Diese Cookies werden verwendet, um mehr \u00fcber die Nutzer unserer Website zu erfahren, um den Inhalt unserer Website anzupassen, um Statistiken \u00fcber die Nutzung unserer Website zu erstellen und um Ihnen auf der Grundlage Ihres Interesses an unseren Dienstleistungen, das Sie w\u00e4hrend Ihres Besuchs auf unserer Website gezeigt haben, ma\u00dfgeschneiderte Werbung auf Websites Dritter zu zeigen. In einigen F\u00e4llen erm\u00f6glichen sie es uns, Ihnen Werbung anzubieten, die besser auf Sie und Ihre Interessen zugeschnitten ist. <\/p>\n<p><\/p>\n<p>Sie k\u00f6nnen diese Cookies jederzeit \u00fcber die Einstellungen Ihres Browsers ablehnen. Wenn das anwendbare Recht es verlangt, werden diese Cookies nur mit Ihrer Zustimmung gesetzt. Wir verfolgen Ihre Zustimmung mit Hilfe eines technischen Cookies; wenn Sie also die Cookies auf Ihren Ger\u00e4ten l\u00f6schen, m\u00fcssen wir Sie erneut fragen, ob Sie mit solchen Cookies einverstanden sind.  &nbsp;<\/p>\n<p><span style=\"color: var( --e-global-color-text ); font-family: var( --e-global-typography-text-font-family ), Sans-serif; font-weight: var( --e-global-typography-text-font-weight );\">&nbsp;<\/span><\/p>\n<h4>6.2 Cookies von Dritten<\/h4>\n<p>Wir k\u00f6nnen auf unserer Website Computeranwendungen von Dritten einf\u00fcgen, die es Ihnen erm\u00f6glichen, Inhalte unserer Website mit anderen Personen zu teilen oder anderen Personen Ihre Konsultation oder Meinung zu einem Inhalt unserer Website mitzuteilen.<\/p>\n<p>Die Ausgabe und Nutzung von Cookies durch Dritte unterliegt den Datenschutzrichtlinien dieser Dritten. Diese Cookies unterliegen nicht unserer Kontrolle. Bitte lesen Sie die Datenschutzrichtlinien der jeweiligen sozialen Medien, um zu erfahren, wie deren Cookies funktionieren.  <\/p><p><br><\/p>\n<h3>7. Wie sch\u00fctzen wir die Sicherheit Ihrer pers\u00f6nlichen Daten ?<\/h3>\n<p>Um Ihre pers\u00f6nlichen Daten bestm\u00f6glich zu sch\u00fctzen, ergreifen wir Sicherheitsma\u00dfnahmen in \u00dcbereinstimmung mit den Industriestandards. Dies umfasst insbesondere die Beschr\u00e4nkung des Zugriffs sowie technische und organisatorische Ma\u00dfnahmen. <\/p>\n<p>Bitte beachten Sie jedoch, dass wir keine absolute Sicherheit Ihrer pers\u00f6nlichen Daten garantieren k\u00f6nnen, da die Aufbewahrung und elektronische \u00dcbermittlung pers\u00f6nlicher Daten mit gewissen Risiken verbunden ist.<\/p><p><br><\/p>\n<h3>8. Welche Rechte haben Sie ?<\/h3>\n<p>Sie haben eine Reihe von Rechten gem\u00e4\u00df der Gesetzgebung \u00fcber den Schutz personenbezogener Daten. Diese Rechte k\u00f6nnen eingeschr\u00e4nkt werden, insbesondere wenn sie die Rechte und Freiheiten anderer Personen beeintr\u00e4chtigen. Wir werden Sie \u00fcber die entsprechenden Ausnahmen informieren, wenn wir auf eine Anfrage Ihrerseits antworten.  <\/p>\n<p>Diese Rechte umfassen:<\/p>\n<ul>\n<li><strong>Recht auf Zugang:<\/strong> Sie haben das Recht zu erfahren, welche personenbezogenen Daten wir \u00fcber Sie gespeichert haben und k\u00f6nnen schriftlich beantragen, Ihre personenbezogenen Daten einzusehen. Wir werden Ihnen diese Informationen so schnell wie m\u00f6glich, sp\u00e4testens jedoch innerhalb eines Monats, zur Verf\u00fcgung stellen, es sei denn, die Anfrage ist komplex. Wir k\u00f6nnen einen Identit\u00e4tsnachweis verlangen, bevor wir pers\u00f6nliche Daten offenlegen k\u00f6nnen. Bitte verwenden Sie die in Artikel 2 dieser Richtlinie angegebenen Kontaktdaten.   <\/li>\n<li><strong>Recht auf Information:<\/strong> Sie haben das Recht, dar\u00fcber informiert zu werden, wie Ihre pers\u00f6nlichen Daten verwendet werden. Diese Richtlinie und alle zus\u00e4tzlichen Informationen oder Mitteilungen, die Ihnen entweder bei der Angabe Ihrer Kontaktdaten oder auf andere Weise zur Verf\u00fcgung gestellt werden, dienen dazu, Ihnen diese Informationen zur Verf\u00fcgung zu stellen. <\/li>\n<li><strong>das Recht, die Zustimmung zu widerrufen:<\/strong> Wenn wir Ihre pers\u00f6nlichen Daten auf der Grundlage Ihrer Zustimmung verarbeiten (z.B. um Ihnen SMS oder Marketing-E-Mails zu senden), k\u00f6nnen Sie diese Zustimmung jederzeit widerrufen. Bitte verwenden Sie dazu die in Artikel 2 dieser Richtlinie angegebenen Kontaktdaten. <\/li>\n<li>das Recht, der Verarbeitung zu widersprechen: Sie haben auch das Recht, der Verarbeitung Ihrer pers\u00f6nlichen Daten zu widersprechen, wenn wir sie in unserem berechtigten Interesse verwenden. In bestimmten F\u00e4llen, und wenn das anwendbare Recht dies vorsieht, haben Sie auch das Recht zu verlangen, dass die Verarbeitung Ihrer pers\u00f6nlichen Daten aufgrund von Meinungsverschiedenheiten \u00fcber deren Richtigkeit oder rechtm\u00e4\u00dfige Verwendung eingeschr\u00e4nkt wird. Nutzen Sie dazu bitte die in Artikel 2 dieser Richtlinie angegebenen Kontaktdaten.  <\/li>\n<li>das Recht auf L\u00f6schung: In bestimmten F\u00e4llen, und wenn das anwendbare Recht dies vorsieht, haben Sie das Recht, die L\u00f6schung Ihrer pers\u00f6nlichen Daten zu verlangen. Wenn Sie darum gebeten haben, kein Marketingmaterial von uns zu erhalten, m\u00fcssen wir bestimmte Informationen aufbewahren, um sicherzustellen, dass Sie in Zukunft nicht mehr kontaktiert werden. <\/li>\n<li><strong>das Recht auf Berichtigung:<\/strong> Wenn Sie der Meinung sind, dass Ihre pers\u00f6nlichen Daten nicht korrekt sind, haben Sie das Recht, deren Aktualisierung zu verlangen. Bitte verwenden Sie dazu die in Artikel 2 dieser Richtlinie angegebenen Kontaktdaten. <\/li>\n<li><strong>das Recht auf Herausgabe oder \u00dcbertragung von Daten: <\/strong>Falls das anwendbare Recht dies vorsieht, haben Sie das Recht zu verlangen, dass pers\u00f6nliche Daten von einem Dienstleister an einen anderen \u00fcbertragen werden, wenn wir Ihre pers\u00f6nlichen Daten automatisiert verarbeiten, auf der Grundlage einer Einwilligung oder wenn die Verarbeitung f\u00fcr die Erf\u00fcllung eines Vertrags erforderlich ist.<\/li>\n<li><strong>das Recht, sich an eine Beh\u00f6rde zu wenden:<\/strong> Wenn Sie mit der Art und Weise, wie wir Ihre pers\u00f6nlichen Daten verarbeitet haben, nicht zufrieden sind, haben Sie das Recht, sich an den Eidgen\u00f6ssischen Datenschutz- und \u00d6ffentlichkeitsbeauftragten (ED\u00d6B) oder, wenn die DSGVO anwendbar ist, an die Aufsichtsbeh\u00f6rde Ihres Wohnsitzlandes oder Ihres Arbeitsplatzes zu wenden. Dar\u00fcber hinaus haben Sie jederzeit das Recht, vor den Zivilgerichten Klage zu erheben. <\/li>\n<\/ul>\n<h3>9. Wie werden wir Sie \u00fcber \u00c4nderungen in unserer Datenschutzrichtlinie informieren ?<\/h3>\n<p>Wir k\u00f6nnen diese Richtlinie von Zeit zu Zeit ohne vorherige Ank\u00fcndigung aktualisieren. Bitte \u00fcberpr\u00fcfen Sie sie daher regelm\u00e4\u00dfig. Wir werden jedoch versuchen, Sie auf jede wesentliche \u00c4nderung aufmerksam zu machen.  <\/p><p><br><\/p>\n<h3>10. Gerichtsstand und anwendbares Recht<\/h3>\n<p>Die Richtlinien und alle sich daraus ergebenden oder damit zusammenh\u00e4ngenden Fragen sowie die Nutzung der Website und der Dienste, unterliegen dem Schweizer Recht unter Ausschluss der Kollisionsnormen.<\/p>\n<p>Sie erkl\u00e4ren sich mit der ausschlie\u00dflichen Zust\u00e4ndigkeit der Gerichte am Sitz der Verwaltung einverstanden.<\/p>\t\t\t\t\t\t\t\t<\/div>\n\t\t\t\t<\/div>\n\t\t\t\t\t<\/div>\n\t\t<\/div>\n\t\t\t\t\t<\/div>\n\t\t<\/section>\n\t\t\t\t<\/div>\n\t\t","protected":false},"excerpt":{"rendered":"<p>Datenschutz-Bestimmungen Date&nbsp;der&nbsp;publication&nbsp;:&nbsp;[16.08.2023&nbsp;] 1. Worum geht es? Wir sind uns unserer Verantwortung bewusst, wenn wir Ihre pers\u00f6nlichen Daten verarbeiten. Wir sch\u00fctzen alle Ihre pers\u00f6nlichen Daten und verarbeiten sie nur zu dem Zweck, f\u00fcr den Sie sie uns anvertraut haben. Diese Datenschutzrichtlinie (nachfolgend: die &#8220; Richtlinie &#8222;) informiert Sie dar\u00fcber, wie R\u00e9gie Bulle Immobilier (nachfolgend: die &#8220; Regie &#8220; oder &#8220; Wir &#8222;) mit den pers\u00f6nlichen &#8230;<\/p>\n","protected":false},"author":1,"featured_media":0,"parent":0,"menu_order":0,"comment_status":"closed","ping_status":"closed","template":"elementor_header_footer","meta":{"footnotes":""},"class_list":["post-268706","page","type-page","status-publish","hentry"],"yoast_head":"<!-- This site is optimized with the Yoast SEO plugin v27.2 - https:\/\/yoast.com\/product\/yoast-seo-wordpress\/ -->\n<title>Datenschutzbestimmungen - R\u00e9gie Bulle SA<\/title>\n<meta name=\"robots\" content=\"index, follow, max-snippet:-1, max-image-preview:large, max-video-preview:-1\" \/>\n<link rel=\"canonical\" href=\"https:\/\/www.regiebulle.ch\/de\/datenschutzbestimmungen\/\" \/>\n<meta property=\"og:locale\" content=\"de_DE\" \/>\n<meta property=\"og:type\" content=\"article\" \/>\n<meta property=\"og:title\" content=\"Datenschutzbestimmungen - R\u00e9gie Bulle SA\" \/>\n<meta property=\"og:description\" content=\"Datenschutz-Bestimmungen Date&nbsp;der&nbsp;publication&nbsp;:&nbsp;[16.08.2023&nbsp;] 1. Worum geht es? Wir sind uns unserer Verantwortung bewusst, wenn wir Ihre pers\u00f6nlichen Daten verarbeiten. Wir sch\u00fctzen alle Ihre pers\u00f6nlichen Daten und verarbeiten sie nur zu dem Zweck, f\u00fcr den Sie sie uns anvertraut haben. Diese Datenschutzrichtlinie (nachfolgend: die &#8220; Richtlinie &#8222;) informiert Sie dar\u00fcber, wie R\u00e9gie Bulle Immobilier (nachfolgend: die &#8220; Regie &#8220; oder &#8220; Wir &#8222;) mit den pers\u00f6nlichen ...\" \/>\n<meta property=\"og:url\" content=\"https:\/\/www.regiebulle.ch\/de\/datenschutzbestimmungen\/\" \/>\n<meta property=\"og:site_name\" content=\"R\u00e9gie Bulle SA\" \/>\n<meta property=\"article:publisher\" content=\"https:\/\/www.facebook.com\/p\/Rgie-Bulle-Immobilier-61572992155377\/\" \/>\n<meta property=\"article:modified_time\" content=\"2026-01-13T22:07:50+00:00\" \/>\n<meta name=\"twitter:card\" content=\"summary_large_image\" \/>\n<meta name=\"twitter:label1\" content=\"Gesch\u00e4tzte Lesezeit\" \/>\n\t<meta name=\"twitter:data1\" content=\"17\u00a0Minuten\" \/>\n<script type=\"application\/ld+json\" class=\"yoast-schema-graph\">{\"@context\":\"https:\/\/schema.org\",\"@graph\":[{\"@type\":\"WebPage\",\"@id\":\"https:\/\/www.regiebulle.ch\/de\/datenschutzbestimmungen\/\",\"url\":\"https:\/\/www.regiebulle.ch\/de\/datenschutzbestimmungen\/\",\"name\":\"Datenschutzbestimmungen - R\u00e9gie Bulle SA\",\"isPartOf\":{\"@id\":\"https:\/\/www.regiebulle.ch\/de\/#website\"},\"datePublished\":\"2023-12-11T07:01:57+00:00\",\"dateModified\":\"2026-01-13T22:07:50+00:00\",\"breadcrumb\":{\"@id\":\"https:\/\/www.regiebulle.ch\/de\/datenschutzbestimmungen\/#breadcrumb\"},\"inLanguage\":\"de\",\"potentialAction\":[{\"@type\":\"ReadAction\",\"target\":[\"https:\/\/www.regiebulle.ch\/de\/datenschutzbestimmungen\/\"]}]},{\"@type\":\"BreadcrumbList\",\"@id\":\"https:\/\/www.regiebulle.ch\/de\/datenschutzbestimmungen\/#breadcrumb\",\"itemListElement\":[{\"@type\":\"ListItem\",\"position\":1,\"name\":\"Accueil\",\"item\":\"https:\/\/www.regiebulle.ch\/de\/\"},{\"@type\":\"ListItem\",\"position\":2,\"name\":\"Datenschutzbestimmungen\"}]},{\"@type\":\"WebSite\",\"@id\":\"https:\/\/www.regiebulle.ch\/de\/#website\",\"url\":\"https:\/\/www.regiebulle.ch\/de\/\",\"name\":\"R\u00e9gie Bulle SA\",\"description\":\"\",\"publisher\":{\"@id\":\"https:\/\/www.regiebulle.ch\/de\/#organization\"},\"potentialAction\":[{\"@type\":\"SearchAction\",\"target\":{\"@type\":\"EntryPoint\",\"urlTemplate\":\"https:\/\/www.regiebulle.ch\/de\/?s={search_term_string}\"},\"query-input\":{\"@type\":\"PropertyValueSpecification\",\"valueRequired\":true,\"valueName\":\"search_term_string\"}}],\"inLanguage\":\"de\"},{\"@type\":\"Organization\",\"@id\":\"https:\/\/www.regiebulle.ch\/de\/#organization\",\"name\":\"R\u00e9gie Bulle SA\",\"url\":\"https:\/\/www.regiebulle.ch\/de\/\",\"logo\":{\"@type\":\"ImageObject\",\"inLanguage\":\"de\",\"@id\":\"https:\/\/www.regiebulle.ch\/de\/#\/schema\/logo\/image\/\",\"url\":\"https:\/\/www.regiebulle.ch\/wp-content\/uploads\/2023\/11\/LogoRBulle_Small.png\",\"contentUrl\":\"https:\/\/www.regiebulle.ch\/wp-content\/uploads\/2023\/11\/LogoRBulle_Small.png\",\"width\":250,\"height\":235,\"caption\":\"R\u00e9gie Bulle SA\"},\"image\":{\"@id\":\"https:\/\/www.regiebulle.ch\/de\/#\/schema\/logo\/image\/\"},\"sameAs\":[\"https:\/\/www.facebook.com\/p\/Rgie-Bulle-Immobilier-61572992155377\/\",\"https:\/\/www.instagram.com\/regiebulle_immobilier\/\",\"https:\/\/www.linkedin.com\/company\/regie-bulle-sa\/\"]}]}<\/script>\n<!-- \/ Yoast SEO plugin. -->","yoast_head_json":{"title":"Datenschutzbestimmungen - R\u00e9gie Bulle SA","robots":{"index":"index","follow":"follow","max-snippet":"max-snippet:-1","max-image-preview":"max-image-preview:large","max-video-preview":"max-video-preview:-1"},"canonical":"https:\/\/www.regiebulle.ch\/de\/datenschutzbestimmungen\/","og_locale":"de_DE","og_type":"article","og_title":"Datenschutzbestimmungen - R\u00e9gie Bulle SA","og_description":"Datenschutz-Bestimmungen Date&nbsp;der&nbsp;publication&nbsp;:&nbsp;[16.08.2023&nbsp;] 1. Worum geht es? Wir sind uns unserer Verantwortung bewusst, wenn wir Ihre pers\u00f6nlichen Daten verarbeiten. Wir sch\u00fctzen alle Ihre pers\u00f6nlichen Daten und verarbeiten sie nur zu dem Zweck, f\u00fcr den Sie sie uns anvertraut haben. Diese Datenschutzrichtlinie (nachfolgend: die &#8220; Richtlinie &#8222;) informiert Sie dar\u00fcber, wie R\u00e9gie Bulle Immobilier (nachfolgend: die &#8220; Regie &#8220; oder &#8220; Wir &#8222;) mit den pers\u00f6nlichen ...","og_url":"https:\/\/www.regiebulle.ch\/de\/datenschutzbestimmungen\/","og_site_name":"R\u00e9gie Bulle SA","article_publisher":"https:\/\/www.facebook.com\/p\/Rgie-Bulle-Immobilier-61572992155377\/","article_modified_time":"2026-01-13T22:07:50+00:00","twitter_card":"summary_large_image","twitter_misc":{"Gesch\u00e4tzte Lesezeit":"17\u00a0Minuten"},"schema":{"@context":"https:\/\/schema.org","@graph":[{"@type":"WebPage","@id":"https:\/\/www.regiebulle.ch\/de\/datenschutzbestimmungen\/","url":"https:\/\/www.regiebulle.ch\/de\/datenschutzbestimmungen\/","name":"Datenschutzbestimmungen - R\u00e9gie Bulle SA","isPartOf":{"@id":"https:\/\/www.regiebulle.ch\/de\/#website"},"datePublished":"2023-12-11T07:01:57+00:00","dateModified":"2026-01-13T22:07:50+00:00","breadcrumb":{"@id":"https:\/\/www.regiebulle.ch\/de\/datenschutzbestimmungen\/#breadcrumb"},"inLanguage":"de","potentialAction":[{"@type":"ReadAction","target":["https:\/\/www.regiebulle.ch\/de\/datenschutzbestimmungen\/"]}]},{"@type":"BreadcrumbList","@id":"https:\/\/www.regiebulle.ch\/de\/datenschutzbestimmungen\/#breadcrumb","itemListElement":[{"@type":"ListItem","position":1,"name":"Accueil","item":"https:\/\/www.regiebulle.ch\/de\/"},{"@type":"ListItem","position":2,"name":"Datenschutzbestimmungen"}]},{"@type":"WebSite","@id":"https:\/\/www.regiebulle.ch\/de\/#website","url":"https:\/\/www.regiebulle.ch\/de\/","name":"R\u00e9gie Bulle SA","description":"","publisher":{"@id":"https:\/\/www.regiebulle.ch\/de\/#organization"},"potentialAction":[{"@type":"SearchAction","target":{"@type":"EntryPoint","urlTemplate":"https:\/\/www.regiebulle.ch\/de\/?s={search_term_string}"},"query-input":{"@type":"PropertyValueSpecification","valueRequired":true,"valueName":"search_term_string"}}],"inLanguage":"de"},{"@type":"Organization","@id":"https:\/\/www.regiebulle.ch\/de\/#organization","name":"R\u00e9gie Bulle SA","url":"https:\/\/www.regiebulle.ch\/de\/","logo":{"@type":"ImageObject","inLanguage":"de","@id":"https:\/\/www.regiebulle.ch\/de\/#\/schema\/logo\/image\/","url":"https:\/\/www.regiebulle.ch\/wp-content\/uploads\/2023\/11\/LogoRBulle_Small.png","contentUrl":"https:\/\/www.regiebulle.ch\/wp-content\/uploads\/2023\/11\/LogoRBulle_Small.png","width":250,"height":235,"caption":"R\u00e9gie Bulle SA"},"image":{"@id":"https:\/\/www.regiebulle.ch\/de\/#\/schema\/logo\/image\/"},"sameAs":["https:\/\/www.facebook.com\/p\/Rgie-Bulle-Immobilier-61572992155377\/","https:\/\/www.instagram.com\/regiebulle_immobilier\/","https:\/\/www.linkedin.com\/company\/regie-bulle-sa\/"]}]}},"_links":{"self":[{"href":"https:\/\/www.regiebulle.ch\/de\/wp-json\/wp\/v2\/pages\/268706","targetHints":{"allow":["GET"]}}],"collection":[{"href":"https:\/\/www.regiebulle.ch\/de\/wp-json\/wp\/v2\/pages"}],"about":[{"href":"https:\/\/www.regiebulle.ch\/de\/wp-json\/wp\/v2\/types\/page"}],"author":[{"embeddable":true,"href":"https:\/\/www.regiebulle.ch\/de\/wp-json\/wp\/v2\/users\/1"}],"replies":[{"embeddable":true,"href":"https:\/\/www.regiebulle.ch\/de\/wp-json\/wp\/v2\/comments?post=268706"}],"version-history":[{"count":1,"href":"https:\/\/www.regiebulle.ch\/de\/wp-json\/wp\/v2\/pages\/268706\/revisions"}],"predecessor-version":[{"id":268707,"href":"https:\/\/www.regiebulle.ch\/de\/wp-json\/wp\/v2\/pages\/268706\/revisions\/268707"}],"wp:attachment":[{"href":"https:\/\/www.regiebulle.ch\/de\/wp-json\/wp\/v2\/media?parent=268706"}],"curies":[{"name":"wp","href":"https:\/\/api.w.org\/{rel}","templated":true}]}}