{"id":281982,"date":"2026-08-31T10:18:17","date_gmt":"2026-08-31T08:18:17","guid":{"rendered":"https:\/\/www.regiebulle.ch\/estate_property\/6186159-de\/"},"modified":"2026-08-31T10:18:17","modified_gmt":"2026-08-31T08:18:17","slug":"6186159-de","status":"publish","type":"estate_property","link":"https:\/\/www.regiebulle.ch\/de\/estate_property\/6186159-de\/","title":{"rendered":"Belfaux \u2013 Charmante 3,5-Zimmer-Wohnung zu vermieten"},"content":{"rendered":"<p><strong>R\u00e9gie Bulle Immobilier bietet Ihnen diese sehr sch\u00f6ne 3,5-Zimmer-Wohnung in Belfaux an<\/strong><\/p>\n<p><\/p>\n<p><strong><\/strong><\/p>\n<p><\/p>\n<p>Die Wohnung befindet sich im Erdgeschoss und bietet Ihnen:<\/p>\n<p><\/p>\n<ul><\/p>\n<li>Ein gro\u00dfes, helles Wohnzimmer<\/li>\n<p><\/p>\n<li>Eine voll ausgestattete K\u00fcche<\/li>\n<p><\/p>\n<li>2 sch\u00f6ne Schlafzimmer<\/li>\n<p><\/p>\n<li>Ein Duschbad<\/li>\n<p><\/p>\n<li>Einen Balkon<\/li>\n<p><\/p>\n<li>Einen Keller<\/li>\n<p>\n<\/ul>\n<p><\/p>\n<p>Diese Wohnung befindet sich in einer ruhigen Umgebung und wird Sie begeistern.<\/p>\n<p><\/p>\n<p><\/p>\n<p>Parkpl\u00e4tze im Freien sind ebenfalls f\u00fcr CHF 50.00 zus\u00e4tzlich zur Miete verf\u00fcgbar.<\/p>\n<p><\/p>\n<p><strong><span>Sind Sie an dieser Immobilie interessiert? Z\u00f6gern Sie nicht, uns<\/span> zu kontaktieren<span> unter <\/span><span>026 563 63 63.<\/span><\/strong><\/p>\n","protected":false},"excerpt":{"rendered":"<p>R\u00e9gie Bulle Immobilier bietet Ihnen diese sehr sch\u00f6ne 3,5-Zimmer-Wohnung in Belfaux an Die Wohnung befindet sich im Erdgeschoss und bietet Ihnen: Ein gro\u00dfes, helles Wohnzimmer Eine voll ausgestattete K\u00fcche 2 sch\u00f6ne Schlafzimmer Ein Duschbad Einen Balkon Einen Keller Diese Wohnung befindet sich in einer ruhigen Umgebung und wird Sie begeistern. Parkpl\u00e4tze im Freien sind ebenfalls f\u00fcr CHF 50.00 zus\u00e4tzlich zur Miete verf\u00fcgbar. Sind Sie &#8230;<\/p>\n","protected":false},"featured_media":281983,"comment_status":"closed","ping_status":"closed","template":"","property_category":[737],"property_action_category":[646],"property_city":[1069],"property_area":[],"property_county_state":[724],"property_features":[],"property_status":[],"class_list":["post-281982","estate_property","type-estate_property","status-publish","has-post-thumbnail","hentry","property_category-wohnungen","property_action_category-mieten","property_city-belfaux","property_county_state-freiburg"],"yoast_head":"<!-- This site is optimized with the Yoast SEO plugin v28.2 - https:\/\/yoast.com\/product\/yoast-seo-wordpress\/ -->\n<title>Belfaux \u2013 Charmante 3,5-Zimmer-Wohnung zu vermieten - R\u00e9gie Bulle SA<\/title>\n<meta name=\"robots\" content=\"index, follow, max-snippet:-1, max-image-preview:large, max-video-preview:-1\" \/>\n<link rel=\"canonical\" href=\"https:\/\/www.regiebulle.ch\/de\/estate_property\/6186159-de\/\" \/>\n<meta property=\"og:locale\" content=\"de_DE\" \/>\n<meta property=\"og:type\" content=\"article\" \/>\n<meta property=\"og:title\" content=\"Belfaux \u2013 Charmante 3,5-Zimmer-Wohnung zu vermieten - R\u00e9gie Bulle SA\" \/>\n<meta property=\"og:description\" content=\"R\u00e9gie Bulle Immobilier bietet Ihnen diese sehr sch\u00f6ne 3,5-Zimmer-Wohnung in Belfaux an Die Wohnung befindet sich im Erdgeschoss und bietet Ihnen: Ein gro\u00dfes, helles Wohnzimmer Eine voll ausgestattete K\u00fcche 2 sch\u00f6ne Schlafzimmer Ein Duschbad Einen Balkon Einen Keller Diese Wohnung befindet sich in einer ruhigen Umgebung und wird Sie begeistern. Parkpl\u00e4tze im Freien sind ebenfalls f\u00fcr CHF 50.00 zus\u00e4tzlich zur Miete verf\u00fcgbar. Sind Sie ...\" \/>\n<meta property=\"og:url\" content=\"https:\/\/www.regiebulle.ch\/de\/estate_property\/6186159-de\/\" \/>\n<meta property=\"og:site_name\" content=\"R\u00e9gie Bulle SA\" \/>\n<meta property=\"article:publisher\" content=\"https:\/\/www.facebook.com\/p\/Rgie-Bulle-Immobilier-61572992155377\/\" \/>\n<meta name=\"twitter:card\" content=\"summary_large_image\" \/>\n<script type=\"application\/ld+json\" class=\"yoast-schema-graph\">{\"@context\":\"https:\\\/\\\/schema.org\",\"@graph\":[{\"@type\":\"WebPage\",\"@id\":\"https:\\\/\\\/www.regiebulle.ch\\\/de\\\/estate_property\\\/6186159-de\\\/\",\"url\":\"https:\\\/\\\/www.regiebulle.ch\\\/de\\\/estate_property\\\/6186159-de\\\/\",\"name\":\"Belfaux \u2013 Charmante 3,5-Zimmer-Wohnung zu vermieten - R\u00e9gie Bulle SA\",\"isPartOf\":{\"@id\":\"https:\\\/\\\/www.regiebulle.ch\\\/de\\\/#website\"},\"primaryImageOfPage\":{\"@id\":\"https:\\\/\\\/www.regiebulle.ch\\\/de\\\/estate_property\\\/6186159-de\\\/#primaryimage\"},\"image\":{\"@id\":\"https:\\\/\\\/www.regiebulle.ch\\\/de\\\/estate_property\\\/6186159-de\\\/#primaryimage\"},\"thumbnailUrl\":\"https:\\\/\\\/www.regiebulle.ch\\\/wp-content\\\/uploads\\\/2026\\\/08\\\/1432_6a95371ddfcf99.83913827.jpg\",\"datePublished\":\"2026-08-31T08:18:17+00:00\",\"breadcrumb\":{\"@id\":\"https:\\\/\\\/www.regiebulle.ch\\\/de\\\/estate_property\\\/6186159-de\\\/#breadcrumb\"},\"inLanguage\":\"de\",\"potentialAction\":[{\"@type\":\"ReadAction\",\"target\":[\"https:\\\/\\\/www.regiebulle.ch\\\/de\\\/estate_property\\\/6186159-de\\\/\"]}]},{\"@type\":\"ImageObject\",\"inLanguage\":\"de\",\"@id\":\"https:\\\/\\\/www.regiebulle.ch\\\/de\\\/estate_property\\\/6186159-de\\\/#primaryimage\",\"url\":\"https:\\\/\\\/www.regiebulle.ch\\\/wp-content\\\/uploads\\\/2026\\\/08\\\/1432_6a95371ddfcf99.83913827.jpg\",\"contentUrl\":\"https:\\\/\\\/www.regiebulle.ch\\\/wp-content\\\/uploads\\\/2026\\\/08\\\/1432_6a95371ddfcf99.83913827.jpg\",\"width\":2000,\"height\":1600},{\"@type\":\"BreadcrumbList\",\"@id\":\"https:\\\/\\\/www.regiebulle.ch\\\/de\\\/estate_property\\\/6186159-de\\\/#breadcrumb\",\"itemListElement\":[{\"@type\":\"ListItem\",\"position\":1,\"name\":\"Accueil\",\"item\":\"https:\\\/\\\/www.regiebulle.ch\\\/de\\\/\"},{\"@type\":\"ListItem\",\"position\":2,\"name\":\"Eigenschaften\",\"item\":\"https:\\\/\\\/www.regiebulle.ch\\\/de\\\/estate_property\\\/\"},{\"@type\":\"ListItem\",\"position\":3,\"name\":\"Belfaux \u2013 Charmante 3,5-Zimmer-Wohnung zu vermieten\"}]},{\"@type\":\"WebSite\",\"@id\":\"https:\\\/\\\/www.regiebulle.ch\\\/de\\\/#website\",\"url\":\"https:\\\/\\\/www.regiebulle.ch\\\/de\\\/\",\"name\":\"R\u00e9gie Bulle SA\",\"description\":\"\",\"publisher\":{\"@id\":\"https:\\\/\\\/www.regiebulle.ch\\\/de\\\/#organization\"},\"potentialAction\":[{\"@type\":\"SearchAction\",\"target\":{\"@type\":\"EntryPoint\",\"urlTemplate\":\"https:\\\/\\\/www.regiebulle.ch\\\/de\\\/?s={search_term_string}\"},\"query-input\":{\"@type\":\"PropertyValueSpecification\",\"valueRequired\":true,\"valueName\":\"search_term_string\"}}],\"inLanguage\":\"de\"},{\"@type\":\"Organization\",\"@id\":\"https:\\\/\\\/www.regiebulle.ch\\\/de\\\/#organization\",\"name\":\"R\u00e9gie Bulle SA\",\"url\":\"https:\\\/\\\/www.regiebulle.ch\\\/de\\\/\",\"logo\":{\"@type\":\"ImageObject\",\"inLanguage\":\"de\",\"@id\":\"https:\\\/\\\/www.regiebulle.ch\\\/de\\\/#\\\/schema\\\/logo\\\/image\\\/\",\"url\":\"https:\\\/\\\/www.regiebulle.ch\\\/wp-content\\\/uploads\\\/2023\\\/11\\\/LogoRBulle_Small.png\",\"contentUrl\":\"https:\\\/\\\/www.regiebulle.ch\\\/wp-content\\\/uploads\\\/2023\\\/11\\\/LogoRBulle_Small.png\",\"width\":250,\"height\":235,\"caption\":\"R\u00e9gie Bulle SA\"},\"image\":{\"@id\":\"https:\\\/\\\/www.regiebulle.ch\\\/de\\\/#\\\/schema\\\/logo\\\/image\\\/\"},\"sameAs\":[\"https:\\\/\\\/www.facebook.com\\\/p\\\/Rgie-Bulle-Immobilier-61572992155377\\\/\",\"https:\\\/\\\/www.instagram.com\\\/regiebulle_immobilier\\\/\",\"https:\\\/\\\/www.linkedin.com\\\/company\\\/regie-bulle-sa\\\/\"]}]}<\/script>\n<!-- \/ Yoast SEO plugin. -->","yoast_head_json":{"title":"Belfaux \u2013 Charmante 3,5-Zimmer-Wohnung zu vermieten - R\u00e9gie Bulle SA","robots":{"index":"index","follow":"follow","max-snippet":"max-snippet:-1","max-image-preview":"max-image-preview:large","max-video-preview":"max-video-preview:-1"},"canonical":"https:\/\/www.regiebulle.ch\/de\/estate_property\/6186159-de\/","og_locale":"de_DE","og_type":"article","og_title":"Belfaux \u2013 Charmante 3,5-Zimmer-Wohnung zu vermieten - R\u00e9gie Bulle SA","og_description":"R\u00e9gie Bulle Immobilier bietet Ihnen diese sehr sch\u00f6ne 3,5-Zimmer-Wohnung in Belfaux an Die Wohnung befindet sich im Erdgeschoss und bietet Ihnen: Ein gro\u00dfes, helles Wohnzimmer Eine voll ausgestattete K\u00fcche 2 sch\u00f6ne Schlafzimmer Ein Duschbad Einen Balkon Einen Keller Diese Wohnung befindet sich in einer ruhigen Umgebung und wird Sie begeistern. Parkpl\u00e4tze im Freien sind ebenfalls f\u00fcr CHF 50.00 zus\u00e4tzlich zur Miete verf\u00fcgbar. Sind Sie ...","og_url":"https:\/\/www.regiebulle.ch\/de\/estate_property\/6186159-de\/","og_site_name":"R\u00e9gie Bulle SA","article_publisher":"https:\/\/www.facebook.com\/p\/Rgie-Bulle-Immobilier-61572992155377\/","twitter_card":"summary_large_image","schema":{"@context":"https:\/\/schema.org","@graph":[{"@type":"WebPage","@id":"https:\/\/www.regiebulle.ch\/de\/estate_property\/6186159-de\/","url":"https:\/\/www.regiebulle.ch\/de\/estate_property\/6186159-de\/","name":"Belfaux \u2013 Charmante 3,5-Zimmer-Wohnung zu vermieten - R\u00e9gie Bulle SA","isPartOf":{"@id":"https:\/\/www.regiebulle.ch\/de\/#website"},"primaryImageOfPage":{"@id":"https:\/\/www.regiebulle.ch\/de\/estate_property\/6186159-de\/#primaryimage"},"image":{"@id":"https:\/\/www.regiebulle.ch\/de\/estate_property\/6186159-de\/#primaryimage"},"thumbnailUrl":"https:\/\/www.regiebulle.ch\/wp-content\/uploads\/2026\/08\/1432_6a95371ddfcf99.83913827.jpg","datePublished":"2026-08-31T08:18:17+00:00","breadcrumb":{"@id":"https:\/\/www.regiebulle.ch\/de\/estate_property\/6186159-de\/#breadcrumb"},"inLanguage":"de","potentialAction":[{"@type":"ReadAction","target":["https:\/\/www.regiebulle.ch\/de\/estate_property\/6186159-de\/"]}]},{"@type":"ImageObject","inLanguage":"de","@id":"https:\/\/www.regiebulle.ch\/de\/estate_property\/6186159-de\/#primaryimage","url":"https:\/\/www.regiebulle.ch\/wp-content\/uploads\/2026\/08\/1432_6a95371ddfcf99.83913827.jpg","contentUrl":"https:\/\/www.regiebulle.ch\/wp-content\/uploads\/2026\/08\/1432_6a95371ddfcf99.83913827.jpg","width":2000,"height":1600},{"@type":"BreadcrumbList","@id":"https:\/\/www.regiebulle.ch\/de\/estate_property\/6186159-de\/#breadcrumb","itemListElement":[{"@type":"ListItem","position":1,"name":"Accueil","item":"https:\/\/www.regiebulle.ch\/de\/"},{"@type":"ListItem","position":2,"name":"Eigenschaften","item":"https:\/\/www.regiebulle.ch\/de\/estate_property\/"},{"@type":"ListItem","position":3,"name":"Belfaux \u2013 Charmante 3,5-Zimmer-Wohnung zu vermieten"}]},{"@type":"WebSite","@id":"https:\/\/www.regiebulle.ch\/de\/#website","url":"https:\/\/www.regiebulle.ch\/de\/","name":"R\u00e9gie Bulle SA","description":"","publisher":{"@id":"https:\/\/www.regiebulle.ch\/de\/#organization"},"potentialAction":[{"@type":"SearchAction","target":{"@type":"EntryPoint","urlTemplate":"https:\/\/www.regiebulle.ch\/de\/?s={search_term_string}"},"query-input":{"@type":"PropertyValueSpecification","valueRequired":true,"valueName":"search_term_string"}}],"inLanguage":"de"},{"@type":"Organization","@id":"https:\/\/www.regiebulle.ch\/de\/#organization","name":"R\u00e9gie Bulle SA","url":"https:\/\/www.regiebulle.ch\/de\/","logo":{"@type":"ImageObject","inLanguage":"de","@id":"https:\/\/www.regiebulle.ch\/de\/#\/schema\/logo\/image\/","url":"https:\/\/www.regiebulle.ch\/wp-content\/uploads\/2023\/11\/LogoRBulle_Small.png","contentUrl":"https:\/\/www.regiebulle.ch\/wp-content\/uploads\/2023\/11\/LogoRBulle_Small.png","width":250,"height":235,"caption":"R\u00e9gie Bulle SA"},"image":{"@id":"https:\/\/www.regiebulle.ch\/de\/#\/schema\/logo\/image\/"},"sameAs":["https:\/\/www.facebook.com\/p\/Rgie-Bulle-Immobilier-61572992155377\/","https:\/\/www.instagram.com\/regiebulle_immobilier\/","https:\/\/www.linkedin.com\/company\/regie-bulle-sa\/"]}]}},"_links":{"self":[{"href":"https:\/\/www.regiebulle.ch\/de\/wp-json\/wp\/v2\/estate_property\/281982","targetHints":{"allow":["GET"]}}],"collection":[{"href":"https:\/\/www.regiebulle.ch\/de\/wp-json\/wp\/v2\/estate_property"}],"about":[{"href":"https:\/\/www.regiebulle.ch\/de\/wp-json\/wp\/v2\/types\/estate_property"}],"replies":[{"embeddable":true,"href":"https:\/\/www.regiebulle.ch\/de\/wp-json\/wp\/v2\/comments?post=281982"}],"wp:featuredmedia":[{"embeddable":true,"href":"https:\/\/www.regiebulle.ch\/de\/wp-json\/wp\/v2\/media\/281983"}],"wp:attachment":[{"href":"https:\/\/www.regiebulle.ch\/de\/wp-json\/wp\/v2\/media?parent=281982"}],"wp:term":[{"taxonomy":"property_category","embeddable":true,"href":"https:\/\/www.regiebulle.ch\/de\/wp-json\/wp\/v2\/property_category?post=281982"},{"taxonomy":"property_action_category","embeddable":true,"href":"https:\/\/www.regiebulle.ch\/de\/wp-json\/wp\/v2\/property_action_category?post=281982"},{"taxonomy":"property_city","embeddable":true,"href":"https:\/\/www.regiebulle.ch\/de\/wp-json\/wp\/v2\/property_city?post=281982"},{"taxonomy":"property_area","embeddable":true,"href":"https:\/\/www.regiebulle.ch\/de\/wp-json\/wp\/v2\/property_area?post=281982"},{"taxonomy":"property_county_state","embeddable":true,"href":"https:\/\/www.regiebulle.ch\/de\/wp-json\/wp\/v2\/property_county_state?post=281982"},{"taxonomy":"property_features","embeddable":true,"href":"https:\/\/www.regiebulle.ch\/de\/wp-json\/wp\/v2\/property_features?post=281982"},{"taxonomy":"property_status","embeddable":true,"href":"https:\/\/www.regiebulle.ch\/de\/wp-json\/wp\/v2\/property_status?post=281982"}],"curies":[{"name":"wp","href":"https:\/\/api.w.org\/{rel}","templated":true}]}}